{"id":27,"date":"2017-01-21T16:22:28","date_gmt":"2017-01-21T15:22:28","guid":{"rendered":"https:\/\/www.iax.es\/musax\/?page_id=7"},"modified":"2019-06-04T22:31:51","modified_gmt":"2019-06-04T21:31:51","slug":"informacion","status":"publish","type":"page","link":"https:\/\/www.iax.es\/musax\/informacion\/","title":{"rendered":"Informaci\u00f3n"},"content":{"rendered":"<p>Las Aulas-Museo del MusaX se originan en el \u00e1mbito acad\u00e9mico del <a href=\"http:\/\/www.iax.es\/\">IES Alfonso X el Sabio de Murcia <\/a>a mediados del siglo XIX y consolidan sus fondos patrimoniales en los principios del siglo XX.<\/p>\n<p>Ya en el siglo XXI, despu\u00e9s de m\u00faltiples avatares y de aspiraciones de conservaci\u00f3n, exposici\u00f3n y mantenimiento, el Instituto pone en funcionamiento una nueva sede y las diversas colecciones muse\u00edsticas se recomponen con cuatro \u00e1reas bien definidas: Ciencias Naturales, F\u00edsica y Qu\u00edmica, Biblioteca Hist\u00f3rica e Imagen. El plano del museo puede visitarse al final de esta p\u00e1gina o <a href=\"https:\/\/www.iax.es\/musax\/el-museo\/#plano-musax\">haciendo clic en este enlace<\/a>.<\/p>\n<p>En la actualidad, el renacimiento del Museo Alfonso X el Sabio supone una aut\u00e9ntica vivificaci\u00f3n de sus colecciones as\u00ed como un giro en la orientaci\u00f3n did\u00e1ctica del mismo. Como obra inacabada y cambiante, abierta al presente y al futuro educativo, la instituci\u00f3n pretende el desarrollo de planes y programas a corto y largo plazo para su desarrollo de excelencia.<\/p>\n<p>El entusiasmo y la dedicaci\u00f3n del profesorado hist\u00f3rico y actual, han constituido el motor activo de este proyecto que, desde sus lejanos inicios, all\u00e1 por el a\u00f1o 1837, se ha mantenido siempre fiel al lema alfonsino \u201cPor Murcia y para Murcia\u201d.<\/p>\n<p>Testimonio especialmente relevante de la historia, de la ense\u00f1anza, de la educaci\u00f3n y de la cultura de Murcia, el Musax aspira a ser un punto de encuentro, reflexi\u00f3n y disfrute de todos los centros educativos de la Regi\u00f3n, al mismo tiempo que \u00a0abre sus puertas a aquellos visitantes que deseen acercarse a \u00e9l movidos por el inter\u00e9s, la curiosidad o el ansia de conocimiento cient\u00edfico.<\/p>\n<p><a style=\"display: inline-block; background-color: #00adef; line-height: 41px; color: #fff; padding: 0 24px; border-radius: 3px;\" href=\"https:\/\/www.murciaeduca.es\/musax\/sitio\/\" target=\"_blank\" rel=\"noopener noreferrer\">M\u00e1s informaci\u00f3n<\/a><\/p>\n<p><strong>El Museo Alfonso X el Sabio\u00a0se encuentra ubicado en\u00a0la zona noreste de Murcia capital, en la Avda. Don Juan de Borb\u00f3n, 3, dentro del IES\u00a0Alfonso X el Sabio.<\/strong><strong>Es un edificio moderno, de nueva factura arquitect\u00f3nica, al que se puede acceder directamente por su puerta principal, desde la misma avenida,\u00a0o por la entrada anexa que\u00a0comunica con\u00a0el instituto y con la planta baja del museo.<\/strong><\/p>\n<p>IES Alfonso X El Sabio<br \/>\nAvda. Don Juan de Borb\u00f3n, 3<br \/>\n30007 Murcia<\/p>\n<p>Tel. 968232040<br \/>\nFax 968270068<br \/>\n30006151@murciaeduca.es<\/p>\n<p><a href=\"https:\/\/www.iax.es\/contacto\/\">M\u00e1s informaci\u00f3n en\u00a0iax.es\/contacto<\/a><\/p>\n<p><iframe loading=\"lazy\" src=\"https:\/\/maps.google.com\/maps?q=Museo Alfonso X el Sabio, Avenida Don Juan de Borb\u00f3n, 3, 30007, Murcia, &amp;t=&amp;z=14&amp;ie=UTF8&amp;iwloc=&amp;output=embed\" width=\"100%\" height=\"500\" frameborder=\"0\" marginwidth=\"0\" marginheight=\"0\" scrolling=\"no\"><\/iframe><\/p>\n<p><img loading=\"lazy\" class=\"so-widget-image\" title=\"Juan de la Cierva y Codorni\u00fa\" src=\"https:\/\/www.iax.es\/musax\/wp-content\/uploads\/sites\/3\/2017\/12\/Cierva2-150x150.jpg\" sizes=\"(max-width: 150px) 100vw, 150px\" srcset=\"https:\/\/www.iax.es\/musax\/wp-content\/uploads\/sites\/3\/2017\/12\/Cierva2-150x150.jpg 150w, https:\/\/www.iax.es\/musax\/wp-content\/uploads\/sites\/3\/2017\/12\/Cierva2-100x100.jpg 100w\" width=\"150\" height=\"150\" \/><img loading=\"lazy\" class=\"so-widget-image\" title=\"C\u00e1novas Cobe\u00f1o\" src=\"https:\/\/www.iax.es\/musax\/wp-content\/uploads\/sites\/3\/2017\/12\/Canovas_Cobenio_1-150x150.jpg\" sizes=\"(max-width: 150px) 100vw, 150px\" width=\"150\" height=\"150\" \/><img loading=\"lazy\" class=\"so-widget-image\" title=\"Guirao Navarro\" src=\"https:\/\/www.iax.es\/musax\/wp-content\/uploads\/sites\/3\/2017\/12\/Guirao_Navarro-150x150.jpg\" sizes=\"(max-width: 150px) 100vw, 150px\" width=\"150\" height=\"150\" \/><img loading=\"lazy\" class=\"so-widget-image\" title=\"Jos\u00e9 Echegaray\" src=\"https:\/\/www.iax.es\/musax\/wp-content\/uploads\/sites\/3\/2017\/12\/Echegaray-150x150.jpg\" sizes=\"(max-width: 150px) 100vw, 150px\" width=\"150\" height=\"150\" \/><\/p>\n<p><img src=\"https:\/\/www.iax.es\/musax\/wp-content\/uploads\/sites\/3\/2017\/12\/PlanoMusax0.png\" width=\"100%\" \/><br \/>\n<img src=\"https:\/\/www.iax.es\/musax\/wp-content\/uploads\/sites\/3\/2017\/12\/PlanoMusax1.png\" width=\"100%\" \/><br \/>\n<img src=\"https:\/\/www.iax.es\/musax\/wp-content\/uploads\/sites\/3\/2017\/12\/PlanoMusax2.png\" width=\"100%\" \/><br \/>\n<img src=\"https:\/\/www.iax.es\/musax\/wp-content\/uploads\/sites\/3\/2017\/12\/PlanoMusax3.png\" width=\"100%\" \/><\/p>\n<h2>Coordinador del museo<\/h2>\n<p>Jos\u00e9 Luis Yepes<\/p>\n","protected":false},"excerpt":{"rendered":"Las Aulas-Museo del MusaX se originan en el \u00e1mbito acad\u00e9mico del IES Alfonso X el Sabio de Murcia a mediados del siglo XIX y consolidan sus fondos patrimoniales en los principios del siglo XX. Ya en el siglo XXI, despu\u00e9s de m\u00faltiples avatares y de aspiraciones de conservaci\u00f3n, exposici\u00f3n y mantenimiento, el Instituto pone en [&hellip;]","protected":false},"author":1,"featured_media":14,"parent":0,"menu_order":0,"comment_status":"closed","ping_status":"closed","template":"","meta":[],"yoast_head":"<!-- This site is optimized with the Yoast SEO plugin v16.6.1 - https:\/\/yoast.com\/wordpress\/plugins\/seo\/ -->\n<title>Informaci\u00f3n &ndash; MusaX<\/title>\n<meta name=\"robots\" content=\"index, follow, max-snippet:-1, max-image-preview:large, max-video-preview:-1\" \/>\n<link rel=\"canonical\" href=\"https:\/\/www.iax.es\/musax\/informacion\/\" \/>\n<meta property=\"og:locale\" content=\"es_ES\" \/>\n<meta property=\"og:type\" content=\"article\" \/>\n<meta property=\"og:title\" content=\"Informaci\u00f3n &ndash; MusaX\" \/>\n<meta property=\"og:description\" content=\"Las Aulas-Museo del MusaX se originan en el \u00e1mbito acad\u00e9mico del IES Alfonso X el Sabio de Murcia a mediados del siglo XIX y consolidan sus fondos patrimoniales en los principios del siglo XX. Ya en el siglo XXI, despu\u00e9s de m\u00faltiples avatares y de aspiraciones de conservaci\u00f3n, exposici\u00f3n y mantenimiento, el Instituto pone en [&hellip;]\" \/>\n<meta property=\"og:url\" content=\"https:\/\/www.iax.es\/musax\/informacion\/\" \/>\n<meta property=\"og:site_name\" content=\"MusaX\" \/>\n<meta property=\"article:modified_time\" content=\"2019-06-04T21:31:51+00:00\" \/>\n<meta property=\"og:image\" content=\"https:\/\/www.iax.es\/musax\/wp-content\/uploads\/sites\/3\/2017\/12\/88220827__600x215.jpg\" \/>\n\t<meta property=\"og:image:width\" content=\"600\" \/>\n\t<meta property=\"og:image:height\" content=\"215\" \/>\n<meta name=\"twitter:card\" content=\"summary_large_image\" \/>\n<meta name=\"twitter:label1\" content=\"Tiempo de lectura\" \/>\n\t<meta name=\"twitter:data1\" content=\"2 minutos\" \/>\n<script type=\"application\/ld+json\" class=\"yoast-schema-graph\">{\"@context\":\"https:\/\/schema.org\",\"@graph\":[{\"@type\":\"WebSite\",\"@id\":\"https:\/\/www.iax.es\/musax\/#website\",\"url\":\"https:\/\/www.iax.es\/musax\/\",\"name\":\"MusaX\",\"description\":\"Museo Alfonso X el Sabio\",\"potentialAction\":[{\"@type\":\"SearchAction\",\"target\":{\"@type\":\"EntryPoint\",\"urlTemplate\":\"https:\/\/www.iax.es\/musax\/?s={search_term_string}\"},\"query-input\":\"required name=search_term_string\"}],\"inLanguage\":\"es\"},{\"@type\":\"ImageObject\",\"@id\":\"https:\/\/www.iax.es\/musax\/informacion\/#primaryimage\",\"inLanguage\":\"es\",\"url\":\"https:\/\/www.iax.es\/musax\/wp-content\/uploads\/sites\/3\/2017\/12\/88220827__600x215.jpg\",\"contentUrl\":\"https:\/\/www.iax.es\/musax\/wp-content\/uploads\/sites\/3\/2017\/12\/88220827__600x215.jpg\",\"width\":600,\"height\":215},{\"@type\":\"WebPage\",\"@id\":\"https:\/\/www.iax.es\/musax\/informacion\/#webpage\",\"url\":\"https:\/\/www.iax.es\/musax\/informacion\/\",\"name\":\"Informaci\\u00f3n &ndash; MusaX\",\"isPartOf\":{\"@id\":\"https:\/\/www.iax.es\/musax\/#website\"},\"primaryImageOfPage\":{\"@id\":\"https:\/\/www.iax.es\/musax\/informacion\/#primaryimage\"},\"datePublished\":\"2017-01-21T15:22:28+00:00\",\"dateModified\":\"2019-06-04T21:31:51+00:00\",\"breadcrumb\":{\"@id\":\"https:\/\/www.iax.es\/musax\/informacion\/#breadcrumb\"},\"inLanguage\":\"es\",\"potentialAction\":[{\"@type\":\"ReadAction\",\"target\":[\"https:\/\/www.iax.es\/musax\/informacion\/\"]}]},{\"@type\":\"BreadcrumbList\",\"@id\":\"https:\/\/www.iax.es\/musax\/informacion\/#breadcrumb\",\"itemListElement\":[{\"@type\":\"ListItem\",\"position\":1,\"name\":\"Portada\",\"item\":\"https:\/\/www.iax.es\/musax\/\"},{\"@type\":\"ListItem\",\"position\":2,\"name\":\"Informaci\\u00f3n\"}]}]}<\/script>\n<!-- \/ Yoast SEO plugin. -->","_links":{"self":[{"href":"https:\/\/www.iax.es\/musax\/wp-json\/wp\/v2\/pages\/27"}],"collection":[{"href":"https:\/\/www.iax.es\/musax\/wp-json\/wp\/v2\/pages"}],"about":[{"href":"https:\/\/www.iax.es\/musax\/wp-json\/wp\/v2\/types\/page"}],"author":[{"embeddable":true,"href":"https:\/\/www.iax.es\/musax\/wp-json\/wp\/v2\/users\/1"}],"replies":[{"embeddable":true,"href":"https:\/\/www.iax.es\/musax\/wp-json\/wp\/v2\/comments?post=27"}],"version-history":[{"count":11,"href":"https:\/\/www.iax.es\/musax\/wp-json\/wp\/v2\/pages\/27\/revisions"}],"predecessor-version":[{"id":457,"href":"https:\/\/www.iax.es\/musax\/wp-json\/wp\/v2\/pages\/27\/revisions\/457"}],"wp:featuredmedia":[{"embeddable":true,"href":"https:\/\/www.iax.es\/musax\/wp-json\/wp\/v2\/media\/14"}],"wp:attachment":[{"href":"https:\/\/www.iax.es\/musax\/wp-json\/wp\/v2\/media?parent=27"}],"curies":[{"name":"wp","href":"https:\/\/api.w.org\/{rel}","templated":true}]}}